{"id":360,"date":"2024-11-12T14:59:30","date_gmt":"2024-11-12T13:59:30","guid":{"rendered":"https:\/\/mapadecastells.cat\/noticias\/"},"modified":"2025-07-28T17:38:46","modified_gmt":"2025-07-28T15:38:46","slug":"noticias","status":"publish","type":"page","link":"https:\/\/mapadecastells.cat\/es\/noticias\/","title":{"rendered":"Noticias"},"content":{"rendered":"\n<hr class=\"wp-block-separator has-alpha-channel-opacity\">\n\n\n\n<div class=\"wp-block-media-text alignwide is-stacked-on-mobile\" style=\"grid-template-columns:49% auto\"><figure class=\"wp-block-media-text__media\"><a href=\"https:\/\/www.elperiodicodearagon.com\/aragon\/2025\/07\/20\/rey-digital-castillos-medievales-119356763.html\"><img loading=\"lazy\" decoding=\"async\" width=\"941\" height=\"865\" src=\"https:\/\/mapadecastells.cat\/wp-content\/uploads\/2025\/07\/aragon-digital.png\" alt=\"\" class=\"wp-image-431 size-full\" srcset=\"https:\/\/mapadecastells.cat\/wp-content\/uploads\/2025\/07\/aragon-digital.png 941w, https:\/\/mapadecastells.cat\/wp-content\/uploads\/2025\/07\/aragon-digital-300x276.png 300w, https:\/\/mapadecastells.cat\/wp-content\/uploads\/2025\/07\/aragon-digital-768x706.png 768w\" sizes=\"auto, (max-width: 941px) 100vw, 941px\" \/><\/a><\/figure><div class=\"wp-block-media-text__content\">\n<p>El diario Aragon\u00e9s \u00abel Peri\u00f3dico de Arag\u00f3n\u00bb publica en su web y redes sociales la entrevista que me hizo el periodista Jorge Andreu.<\/p>\n\n\n\n<div class=\"wp-block-buttons is-layout-flex wp-block-buttons-is-layout-flex\">\n<div class=\"wp-block-button\"><a class=\"wp-block-button__link wp-element-button\" href=\"https:\/\/www.elperiodicodearagon.com\/aragon\/2025\/07\/20\/rey-digital-castillos-medievales-119356763.html\">Enlace a la noticia<\/a><\/div>\n<\/div>\n<\/div><\/div>\n\n\n\n<div class=\"wp-block-buttons is-layout-flex wp-block-buttons-is-layout-flex\"><\/div>\n\n\n\n<hr class=\"wp-block-separator has-alpha-channel-opacity\">\n\n\n\n<div class=\"wp-block-media-text alignwide is-stacked-on-mobile is-vertically-aligned-center\" style=\"grid-template-columns:49% auto\"><figure class=\"wp-block-media-text__media\"><img loading=\"lazy\" decoding=\"async\" width=\"790\" height=\"1024\" src=\"https:\/\/mapadecastells.cat\/wp-content\/uploads\/2025\/07\/1753357144419-1-790x1024.jpg\" alt=\"\" class=\"wp-image-427 size-full\" srcset=\"https:\/\/mapadecastells.cat\/wp-content\/uploads\/2025\/07\/1753357144419-1-790x1024.jpg 790w, https:\/\/mapadecastells.cat\/wp-content\/uploads\/2025\/07\/1753357144419-1-231x300.jpg 231w, https:\/\/mapadecastells.cat\/wp-content\/uploads\/2025\/07\/1753357144419-1-768x996.jpg 768w, https:\/\/mapadecastells.cat\/wp-content\/uploads\/2025\/07\/1753357144419-1.jpg 812w\" sizes=\"auto, (max-width: 790px) 100vw, 790px\" \/><\/figure><div class=\"wp-block-media-text__content\">\n<p>El 21\/07\/25 El proyecto del mapa aparece en el diario Aragon\u00e9s el Peri\u00f3dico de Arag\u00f3n despu\u00e9s de una entrevista telef\u00f3nica con el periodista Jorge Andreu<\/p>\n<\/div><\/div>\n\n\n\n<hr class=\"wp-block-separator has-alpha-channel-opacity\">\n\n\n\n<div class=\"wp-block-media-text alignwide is-stacked-on-mobile\"><figure class=\"wp-block-media-text__media\"><a href=\"https:\/\/www.catalunyapress.cat\/article\/turismeiviatges\/2025-01-08\/5130419-mes-4000-castells-i-somni-missio-pica-dun-jove-catal-per-preservar-histria\"><img loading=\"lazy\" decoding=\"async\" width=\"810\" height=\"948\" src=\"https:\/\/mapadecastells.cat\/wp-content\/uploads\/2025\/05\/catalunyapress.jpg\" alt=\"\" class=\"wp-image-252 size-full\" srcset=\"https:\/\/mapadecastells.cat\/wp-content\/uploads\/2025\/05\/catalunyapress.jpg 810w, https:\/\/mapadecastells.cat\/wp-content\/uploads\/2025\/05\/catalunyapress-256x300.jpg 256w, https:\/\/mapadecastells.cat\/wp-content\/uploads\/2025\/05\/catalunyapress-768x899.jpg 768w\" sizes=\"auto, (max-width: 810px) 100vw, 810px\" \/><\/a><\/figure><div class=\"wp-block-media-text__content\">\n<p>El mapa de Castells apareci\u00f3 en el diario digital Catalunya Press el 8 de enero de 2025<\/p>\n\n\n\n<div class=\"wp-block-jetpack-send-a-message\"><\/div>\n\n\n\n<div class=\"wp-block-buttons is-layout-flex wp-block-buttons-is-layout-flex\">\n<div class=\"wp-block-button\"><a class=\"wp-block-button__link wp-element-button\" href=\"https:\/\/www.catalunyapress.cat\/article\/turismeiviatges\/2025-01-08\/5130419-mes-4000-castells-i-somni-missio-pica-dun-jove-catal-per-preservar-histria\">Enlace a la noticia<\/a><\/div>\n<\/div>\n<\/div><\/div>\n\n\n\n<hr class=\"wp-block-separator has-alpha-channel-opacity\">\n\n\n\n<div class=\"wp-block-media-text alignwide is-stacked-on-mobile\"><figure class=\"wp-block-media-text__media\"><img loading=\"lazy\" decoding=\"async\" width=\"822\" height=\"1024\" src=\"https:\/\/mapadecastells.cat\/wp-content\/uploads\/2025\/01\/EL3DEVUIT-822x1024.jpg\" alt=\"\" class=\"wp-image-192 size-full\" srcset=\"https:\/\/mapadecastells.cat\/wp-content\/uploads\/2025\/01\/EL3DEVUIT-822x1024.jpg 822w, https:\/\/mapadecastells.cat\/wp-content\/uploads\/2025\/01\/EL3DEVUIT-241x300.jpg 241w, https:\/\/mapadecastells.cat\/wp-content\/uploads\/2025\/01\/EL3DEVUIT-768x956.jpg 768w, https:\/\/mapadecastells.cat\/wp-content\/uploads\/2025\/01\/EL3DEVUIT.jpg 1080w\" sizes=\"auto, (max-width: 822px) 100vw, 822px\" \/><\/figure><div class=\"wp-block-media-text__content\">\n<p>El 24\/01\/25 el diario Vilafranqu\u00ed el \u00ab3 de Vuit\u00bb publica la entrevista que me hizo la periodista Cristina Paris.<\/p>\n<\/div><\/div>\n\n\n\n<hr class=\"wp-block-separator has-alpha-channel-opacity\">\n\n\n\n<div class=\"wp-block-media-text alignwide is-stacked-on-mobile\"><figure class=\"wp-block-media-text__media\"><a href=\"https:\/\/www.pallarsdigital.cat\/noticia\/20940\/un-jove-recull-en-un-mapa-virtual-els-castells-medievals-catalans\"><img loading=\"lazy\" decoding=\"async\" width=\"868\" height=\"937\" src=\"https:\/\/mapadecastells.cat\/wp-content\/uploads\/2025\/01\/PALLARS.png\" alt=\"\" class=\"wp-image-189 size-full\" srcset=\"https:\/\/mapadecastells.cat\/wp-content\/uploads\/2025\/01\/PALLARS.png 868w, https:\/\/mapadecastells.cat\/wp-content\/uploads\/2025\/01\/PALLARS-278x300.png 278w, https:\/\/mapadecastells.cat\/wp-content\/uploads\/2025\/01\/PALLARS-768x829.png 768w\" sizes=\"auto, (max-width: 868px) 100vw, 868px\" \/><\/a><\/figure><div class=\"wp-block-media-text__content\">\n<p>El 15\/01\/2025 el proyecto sale en el diario Pallars Digital<\/p>\n\n\n\n<div class=\"wp-block-buttons is-layout-flex wp-block-buttons-is-layout-flex\">\n<div class=\"wp-block-button\"><a class=\"wp-block-button__link wp-element-button\" href=\"https:\/\/www.pallarsdigital.cat\/noticia\/20940\/un-jove-recull-en-un-mapa-virtual-els-castells-medievals-catalans\">Enlace a la noticia<\/a><\/div>\n<\/div>\n<\/div><\/div>\n\n\n\n<hr class=\"wp-block-separator has-alpha-channel-opacity\">\n\n\n\n<div class=\"wp-block-media-text alignwide is-stacked-on-mobile\"><figure class=\"wp-block-media-text__media\"><a href=\"https:\/\/www.rtvvilafranca.cat\/programa\/veu-propia\/\"><img loading=\"lazy\" decoding=\"async\" width=\"1024\" height=\"875\" src=\"https:\/\/mapadecastells.cat\/wp-content\/uploads\/2025\/01\/PTV-1024x875.png\" alt=\"\" class=\"wp-image-176 size-full\" srcset=\"https:\/\/mapadecastells.cat\/wp-content\/uploads\/2025\/01\/PTV-1024x875.png 1024w, https:\/\/mapadecastells.cat\/wp-content\/uploads\/2025\/01\/PTV-300x256.png 300w, https:\/\/mapadecastells.cat\/wp-content\/uploads\/2025\/01\/PTV-768x656.png 768w, https:\/\/mapadecastells.cat\/wp-content\/uploads\/2025\/01\/PTV.png 1107w\" sizes=\"auto, (max-width: 1024px) 100vw, 1024px\" \/><\/a><\/figure><div class=\"wp-block-media-text__content\">\n<p>El 13\/01\/2025 el mapa de castells aparece en una entrevista del programa <a href=\"https:\/\/www.rtvvilafranca.cat\/programa\/veu-propia\/\"><strong>Veu pr\u00f2pia | RTVVilafranca<\/strong><\/a> a partir del minuto 14.30<br><\/p>\n<\/div><\/div>\n\n\n\n<hr class=\"wp-block-separator has-alpha-channel-opacity\">\n\n\n\n<div class=\"wp-block-media-text alignwide is-stacked-on-mobile\"><figure class=\"wp-block-media-text__media\"><a href=\"https:\/\/www.rtve.es\/play\/videos\/laltaveu\/armes-foc-barri-mina-plaga-conills-donar-sang\/16402506\/\"><img loading=\"lazy\" decoding=\"async\" width=\"1024\" height=\"574\" src=\"https:\/\/mapadecastells.cat\/wp-content\/uploads\/2025\/01\/tv2-1024x574.png\" alt=\"\" class=\"wp-image-180 size-full\" srcset=\"https:\/\/mapadecastells.cat\/wp-content\/uploads\/2025\/01\/tv2-1024x574.png 1024w, https:\/\/mapadecastells.cat\/wp-content\/uploads\/2025\/01\/tv2-300x168.png 300w, https:\/\/mapadecastells.cat\/wp-content\/uploads\/2025\/01\/tv2-768x430.png 768w, https:\/\/mapadecastells.cat\/wp-content\/uploads\/2025\/01\/tv2.png 1160w\" sizes=\"auto, (max-width: 1024px) 100vw, 1024px\" \/><\/a><\/figure><div class=\"wp-block-media-text__content\">\n<p>El 10\/01\/2025 entr\u00e9 en directo en el programa el Altavoz de Danae Boronat para explicar el proyecto del mapa de castells, se puede ver a partir del minuto 35<\/p>\n\n\n\n<div class=\"wp-block-buttons is-layout-flex wp-block-buttons-is-layout-flex\">\n<div class=\"wp-block-button\"><a class=\"wp-block-button__link wp-element-button\" href=\"https:\/\/www.rtve.es\/play\/videos\/laltaveu\/armes-foc-barri-mina-plaga-conills-donar-sang\/16402506\/\">Enlace a la noticia<\/a><\/div>\n<\/div>\n<\/div><\/div>\n\n\n\n<hr class=\"wp-block-separator has-alpha-channel-opacity\">\n\n\n\n<div class=\"wp-block-media-text alignwide is-stacked-on-mobile\"><figure class=\"wp-block-media-text__media\"><a href=\"https:\/\/flaixfm.cat\/podcasts\/flaix-mati?audioId=677f904c3e69d700128bc9fe&amp;sectionName=Hora\"><img loading=\"lazy\" decoding=\"async\" width=\"1024\" height=\"486\" src=\"https:\/\/mapadecastells.cat\/wp-content\/uploads\/2025\/01\/flaix-fm-1024x486.png\" alt=\"\" class=\"wp-image-178 size-full\" srcset=\"https:\/\/mapadecastells.cat\/wp-content\/uploads\/2025\/01\/flaix-fm-1024x486.png 1024w, https:\/\/mapadecastells.cat\/wp-content\/uploads\/2025\/01\/flaix-fm-300x142.png 300w, https:\/\/mapadecastells.cat\/wp-content\/uploads\/2025\/01\/flaix-fm-768x364.png 768w, https:\/\/mapadecastells.cat\/wp-content\/uploads\/2025\/01\/flaix-fm-1536x729.png 1536w, https:\/\/mapadecastells.cat\/wp-content\/uploads\/2025\/01\/flaix-fm.png 1817w\" sizes=\"auto, (max-width: 1024px) 100vw, 1024px\" \/><\/a><\/figure><div class=\"wp-block-media-text__content\">\n<p>El 10\/01\/2025 a las 9.30h en el programa de radio Flaix Mat\u00ed de Flash FM hablan del mapa de castillos y de la entrevista en TV3<\/p>\n\n\n\n<div class=\"wp-block-buttons is-layout-flex wp-block-buttons-is-layout-flex\">\n<div class=\"wp-block-button\"><a class=\"wp-block-button__link wp-element-button\" href=\"https:\/\/flaixfm.cat\/podcasts\/flaix-mati?audioId=677f904c3e69d700128bc9fe&amp;sectionName=Hora\">Enlace al programa<\/a><\/div>\n<\/div>\n<\/div><\/div>\n\n\n\n<hr class=\"wp-block-separator has-alpha-channel-opacity\">\n\n\n\n<div class=\"wp-block-media-text alignwide is-stacked-on-mobile\"><figure class=\"wp-block-media-text__media\"><img loading=\"lazy\" decoding=\"async\" width=\"704\" height=\"1024\" src=\"https:\/\/mapadecastells.cat\/wp-content\/uploads\/2025\/01\/Imagen-de-WhatsApp-2025-01-08-a-las-12.41.06_9d4288b8-704x1024.jpg\" alt=\"\" class=\"wp-image-183 size-full\" srcset=\"https:\/\/mapadecastells.cat\/wp-content\/uploads\/2025\/01\/Imagen-de-WhatsApp-2025-01-08-a-las-12.41.06_9d4288b8-704x1024.jpg 704w, https:\/\/mapadecastells.cat\/wp-content\/uploads\/2025\/01\/Imagen-de-WhatsApp-2025-01-08-a-las-12.41.06_9d4288b8-206x300.jpg 206w, https:\/\/mapadecastells.cat\/wp-content\/uploads\/2025\/01\/Imagen-de-WhatsApp-2025-01-08-a-las-12.41.06_9d4288b8-768x1118.jpg 768w, https:\/\/mapadecastells.cat\/wp-content\/uploads\/2025\/01\/Imagen-de-WhatsApp-2025-01-08-a-las-12.41.06_9d4288b8-1055x1536.jpg 1055w, https:\/\/mapadecastells.cat\/wp-content\/uploads\/2025\/01\/Imagen-de-WhatsApp-2025-01-08-a-las-12.41.06_9d4288b8.jpg 1080w\" sizes=\"auto, (max-width: 704px) 100vw, 704px\" \/><\/figure><div class=\"wp-block-media-text__content\">\n<p>El 09\/01\/25 el mapa de castells aparece en el diario el Segre de Lleida en Versi\u00f3n impresa<\/p>\n<\/div><\/div>\n\n\n\n<hr class=\"wp-block-separator has-alpha-channel-opacity\">\n\n\n\n<div class=\"wp-block-media-text alignwide is-stacked-on-mobile\"><figure class=\"wp-block-media-text__media\"><a href=\"https:\/\/www.segre.com\/ca\/societat\/250108\/buscador-castells-medievals_684838.html\"><img loading=\"lazy\" decoding=\"async\" width=\"1024\" height=\"811\" src=\"https:\/\/mapadecastells.cat\/wp-content\/uploads\/2025\/01\/segre-1024x811.png\" alt=\"\" class=\"wp-image-174 size-full\" srcset=\"https:\/\/mapadecastells.cat\/wp-content\/uploads\/2025\/01\/segre-1024x811.png 1024w, https:\/\/mapadecastells.cat\/wp-content\/uploads\/2025\/01\/segre-300x237.png 300w, https:\/\/mapadecastells.cat\/wp-content\/uploads\/2025\/01\/segre-768x608.png 768w, https:\/\/mapadecastells.cat\/wp-content\/uploads\/2025\/01\/segre.png 1142w\" sizes=\"auto, (max-width: 1024px) 100vw, 1024px\" \/><\/a><\/figure><div class=\"wp-block-media-text__content\">\n<p>El 08\/01\/25 el mapa de castells aparece en el diario el Segre de Lleida despu\u00e9s de una entrevista telef\u00f3nica con la Periodista Laura Garcia.<\/p>\n\n\n\n<div class=\"wp-block-buttons is-layout-flex wp-block-buttons-is-layout-flex\">\n<div class=\"wp-block-button\"><a class=\"wp-block-button__link wp-element-button\" href=\"https:\/\/www.segre.com\/ca\/societat\/250108\/creen-un-buscador-de-castells-medievals-permet-consultar-unes-4000-construccions-300-a-lleida_684838.html\">Enlace a la noticia<\/a><\/div>\n<\/div>\n<\/div><\/div>\n\n\n\n<hr class=\"wp-block-separator has-alpha-channel-opacity\">\n\n\n\n<div class=\"wp-block-media-text alignwide is-stacked-on-mobile\"><figure class=\"wp-block-media-text__media\"><img loading=\"lazy\" decoding=\"async\" width=\"859\" height=\"955\" src=\"https:\/\/mapadecastells.cat\/wp-content\/uploads\/2025\/01\/cacador.jpg\" alt=\"\" class=\"wp-image-170 size-full\" srcset=\"https:\/\/mapadecastells.cat\/wp-content\/uploads\/2025\/01\/cacador.jpg 859w, https:\/\/mapadecastells.cat\/wp-content\/uploads\/2025\/01\/cacador-270x300.jpg 270w, https:\/\/mapadecastells.cat\/wp-content\/uploads\/2025\/01\/cacador-768x854.jpg 768w\" sizes=\"auto, (max-width: 859px) 100vw, 859px\" \/><\/figure><div class=\"wp-block-media-text__content\">\n<p>El 06\/01\/25 el proyecto del mapa de castells aparece en el 324 y en las Redes Sociales del 3Cat.<\/p>\n\n\n\n<p><em>Inevitablemente, y recordando a otros personajes medi\u00e1ticos de nuestro pa\u00eds, le preguntamos si quiz\u00e1s termina&nbsp;de nacer&nbsp;<strong>\u00abEl ca\u00e7ador de castells\u00bb<\/strong>.<\/em><\/p>\n\n\n\n<div class=\"wp-block-buttons is-layout-flex wp-block-buttons-is-layout-flex\">\n<div class=\"wp-block-button\"><a class=\"wp-block-button__link wp-element-button\" href=\"https:\/\/www.3cat.cat\/324\/el-cacador-de-castells-el-hobby-de-posar-els-castells-medievals-catalans-en-un-mapa-virtual\/noticia\/3325376\/\">Enlace a la Noticia<\/a><\/div>\n<\/div>\n<\/div><\/div>\n\n\n\n<hr class=\"wp-block-separator has-alpha-channel-opacity\">\n\n\n\n<div class=\"wp-block-media-text alignwide is-stacked-on-mobile\"><figure class=\"wp-block-media-text__media\"><a href=\"https:\/\/www.3cat.cat\/3cat\/el-cacador-de-castells-el-hobby-de-posar-els-castells-medievals-catalans-en-un-mapa-virtual\/video\/6318360\/?fbclid=IwZXh0bgNhZW0CMTEAAR3k_NFfDOfVZgT0jT_7p5b56Twpv8LFkuhksYbjRMNNPN9rDyKY0UoXvhk_aem_woCHliDg-WoJdNKZ4opwVg\"><img loading=\"lazy\" decoding=\"async\" width=\"1024\" height=\"534\" src=\"https:\/\/mapadecastells.cat\/wp-content\/uploads\/2025\/01\/3cat-1024x534.jpg\" alt=\"\" class=\"wp-image-171 size-full\" srcset=\"https:\/\/mapadecastells.cat\/wp-content\/uploads\/2025\/01\/3cat-1024x534.jpg 1024w, https:\/\/mapadecastells.cat\/wp-content\/uploads\/2025\/01\/3cat-300x157.jpg 300w, https:\/\/mapadecastells.cat\/wp-content\/uploads\/2025\/01\/3cat-768x401.jpg 768w, https:\/\/mapadecastells.cat\/wp-content\/uploads\/2025\/01\/3cat-1536x802.jpg 1536w, https:\/\/mapadecastells.cat\/wp-content\/uploads\/2025\/01\/3cat.jpg 1604w\" sizes=\"auto, (max-width: 1024px) 100vw, 1024px\" \/><\/a><\/figure><div class=\"wp-block-media-text__content\">\n<div class=\"wp-block-group is-nowrap is-layout-flex wp-container-core-group-is-layout-6c531013 wp-block-group-is-layout-flex\">\n<p>El 0El 06\/01\/25 el proyecto del mapa de castells sale en un reportaje del telediario de TV3 del periodista Oriol Llach Estrella.<br><br><br><br><\/p>\n<\/div>\n\n\n\n<div class=\"wp-block-buttons is-layout-flex wp-block-buttons-is-layout-flex\">\n<div class=\"wp-block-button\"><a class=\"wp-block-button__link wp-element-button\">Enlace al Video<\/a><\/div>\n<\/div>\n<\/div><\/div>\n\n\n\n<hr class=\"wp-block-separator has-alpha-channel-opacity\">\n\n\n\n<div class=\"wp-block-media-text alignwide is-stacked-on-mobile\"><figure class=\"wp-block-media-text__media\"><img loading=\"lazy\" decoding=\"async\" width=\"722\" height=\"941\" src=\"https:\/\/mapadecastells.cat\/wp-content\/uploads\/2024\/12\/3de8.png\" alt=\"\" class=\"wp-image-163 size-full\" srcset=\"https:\/\/mapadecastells.cat\/wp-content\/uploads\/2024\/12\/3de8.png 722w, https:\/\/mapadecastells.cat\/wp-content\/uploads\/2024\/12\/3de8-230x300.png 230w\" sizes=\"auto, (max-width: 722px) 100vw, 722px\" \/><\/figure><div class=\"wp-block-media-text__content\">\n<p>El 11\/12\/24 el proyecto aparece en el diario 3 de ocho despu\u00e9s de ser premiado en el concurso Insight Pened\u00e8s.<\/p>\n\n\n\n<p><em>El segundo premio, ha sido por el vilafranque\u00ed&nbsp;\u00c0ngel Garcia&nbsp;con el proyecto Mapa de Castells Medievals, una herramienta innovadora y educativa que permite descubrir el patrimonio medieval del territorio y facilita el acceso, la promoci\u00f3n y la conservaci\u00f3n de la historia local.&nbsp;<\/em><\/p>\n\n\n\n<div class=\"wp-block-buttons is-layout-flex wp-block-buttons-is-layout-flex\">\n<div class=\"wp-block-button\"><a class=\"wp-block-button__link wp-element-button\" href=\"https:\/\/el3devuit.cat\/2024\/12\/11\/127000\/actualitat\/insight-penedes-premia-solucions-contra-els-efectes-del-canvi-climatic-la-conservacio-i-difusio-del-patrimoni-i-la-millora-de-la-mobilitat\/\">Enlace a la Noticia<\/a><\/div>\n<\/div>\n<\/div><\/div>\n\n\n\n<hr class=\"wp-block-separator has-alpha-channel-opacity\">\n\n\n\n<div class=\"wp-block-media-text alignwide is-stacked-on-mobile\"><figure class=\"wp-block-media-text__media\"><img loading=\"lazy\" decoding=\"async\" width=\"688\" height=\"896\" src=\"https:\/\/mapadecastells.cat\/wp-content\/uploads\/2024\/12\/3.png\" alt=\"\" class=\"wp-image-150 size-full\" srcset=\"https:\/\/mapadecastells.cat\/wp-content\/uploads\/2024\/12\/3.png 688w, https:\/\/mapadecastells.cat\/wp-content\/uploads\/2024\/12\/3-230x300.png 230w\" sizes=\"auto, (max-width: 688px) 100vw, 688px\" \/><\/figure><div class=\"wp-block-media-text__content\">\n<p>El 09\/12\/2024 el proyecto del mapa de castells gan\u00f3 el segundo premio del concurso Insight Pened\u00e8s a proyecto Innovador de j\u00f3venes del Pened\u00e8s.<\/p>\n\n\n\n<p>El premio fue entregado por el alcalde de Vilafranca Francisco Romero<\/p>\n\n\n\n<div class=\"wp-block-buttons is-layout-flex wp-block-buttons-is-layout-flex\">\n<div class=\"wp-block-button\"><a class=\"wp-block-button__link wp-element-button\" href=\"https:\/\/www.vilafranca.cat\/noticies\/insight-penedes-premia-solucions-contra-els-efectes-del-canvi-climatic-la-conservacio-i\">Enlace a la Noticia<\/a><\/div>\n<\/div>\n<\/div><\/div>\n\n\n\n<hr class=\"wp-block-separator has-alpha-channel-opacity\">\n\n\n\n<div class=\"wp-block-media-text alignwide is-stacked-on-mobile\"><figure class=\"wp-block-media-text__media\"><img loading=\"lazy\" decoding=\"async\" width=\"1024\" height=\"469\" src=\"https:\/\/mapadecastells.cat\/wp-content\/uploads\/2024\/11\/Captura-3-1024x469.png\" alt=\"\" class=\"wp-image-84 size-full\" srcset=\"https:\/\/mapadecastells.cat\/wp-content\/uploads\/2024\/11\/Captura-3-1024x469.png 1024w, https:\/\/mapadecastells.cat\/wp-content\/uploads\/2024\/11\/Captura-3-300x137.png 300w, https:\/\/mapadecastells.cat\/wp-content\/uploads\/2024\/11\/Captura-3-768x352.png 768w, https:\/\/mapadecastells.cat\/wp-content\/uploads\/2024\/11\/Captura-3-1536x703.png 1536w, https:\/\/mapadecastells.cat\/wp-content\/uploads\/2024\/11\/Captura-3.png 1656w\" sizes=\"auto, (max-width: 1024px) 100vw, 1024px\" \/><\/figure><div class=\"wp-block-media-text__content\">\n<p>El pasado 31\/10\/2024, el periodista local Toni Godino nos entrevist\u00f3 en su programa <em>Sarroca al d\u00eda<\/em> de Sarroca Radio 107.5FM.<\/p>\n\n\n\n<div class=\"wp-block-buttons is-layout-flex wp-block-buttons-is-layout-flex\">\n<div class=\"wp-block-button\"><a class=\"wp-block-button__link wp-element-button\" href=\"https:\/\/www.santmartisarroca.cat\/sarrocaradio\/programes-sarroca-radio\/124-sarroca-al-dia\/sarroca-al-dia-p341-entrevista-al-martinenc-angel-garcia.html\">Enlace a la Entrevista<\/a><\/div>\n<\/div>\n<\/div><\/div>\n\n\n\n<hr class=\"wp-block-separator has-alpha-channel-opacity\">\n\n\n\n<div class=\"wp-block-media-text alignwide is-stacked-on-mobile\"><figure class=\"wp-block-media-text__media\"><img loading=\"lazy\" decoding=\"async\" width=\"820\" height=\"1024\" src=\"https:\/\/mapadecastells.cat\/wp-content\/uploads\/2024\/11\/Imagen-de-WhatsApp-2024-10-24-a-las-15.28.40_9ecdef27-820x1024.jpg\" alt=\"\" class=\"wp-image-82 size-full\" srcset=\"https:\/\/mapadecastells.cat\/wp-content\/uploads\/2024\/11\/Imagen-de-WhatsApp-2024-10-24-a-las-15.28.40_9ecdef27-820x1024.jpg 820w, https:\/\/mapadecastells.cat\/wp-content\/uploads\/2024\/11\/Imagen-de-WhatsApp-2024-10-24-a-las-15.28.40_9ecdef27-240x300.jpg 240w, https:\/\/mapadecastells.cat\/wp-content\/uploads\/2024\/11\/Imagen-de-WhatsApp-2024-10-24-a-las-15.28.40_9ecdef27-768x960.jpg 768w, https:\/\/mapadecastells.cat\/wp-content\/uploads\/2024\/11\/Imagen-de-WhatsApp-2024-10-24-a-las-15.28.40_9ecdef27-1229x1536.jpg 1229w, https:\/\/mapadecastells.cat\/wp-content\/uploads\/2024\/11\/Imagen-de-WhatsApp-2024-10-24-a-las-15.28.40_9ecdef27.jpg 1639w\" sizes=\"auto, (max-width: 820px) 100vw, 820px\" \/><\/figure><div class=\"wp-block-media-text__content\">\n<p>El 24\/10\/2024, el mapa apareci\u00f3 publicado en <em>El Cargol<\/em> (semanario del Pened\u00e8s) en versi\u00f3n papel.<\/p>\n<\/div><\/div>\n\n\n\n<hr class=\"wp-block-separator has-alpha-channel-opacity\">\n\n\n\n<div class=\"wp-block-media-text alignwide is-stacked-on-mobile\"><figure class=\"wp-block-media-text__media\"><img loading=\"lazy\" decoding=\"async\" width=\"1024\" height=\"883\" src=\"https:\/\/mapadecastells.cat\/wp-content\/uploads\/2024\/11\/Captura-1-1024x883.png\" alt=\"\" class=\"wp-image-79 size-full\" srcset=\"https:\/\/mapadecastells.cat\/wp-content\/uploads\/2024\/11\/Captura-1-1024x883.png 1024w, https:\/\/mapadecastells.cat\/wp-content\/uploads\/2024\/11\/Captura-1-300x259.png 300w, https:\/\/mapadecastells.cat\/wp-content\/uploads\/2024\/11\/Captura-1-768x662.png 768w, https:\/\/mapadecastells.cat\/wp-content\/uploads\/2024\/11\/Captura-1.png 1083w\" sizes=\"auto, (max-width: 1024px) 100vw, 1024px\" \/><\/figure><div class=\"wp-block-media-text__content\">\n<p>La revista <em>El Cargol<\/em> public\u00f3 en su web y redes sociales el mapa de castells, generando miles de visitas en pocos d\u00edas.<\/p>\n\n\n\n<div class=\"wp-block-buttons is-layout-flex wp-block-buttons-is-layout-flex\">\n<div class=\"wp-block-button\"><a class=\"wp-block-button__link wp-element-button\" href=\"https:\/\/elcargol.com\/cultura\/13485-angel-garcia-vei-de-vilafranca-crea-un-mapa-dels-castells-medievals-de-la-corona-catalanoaragonesa?fbclid=PAZXh0bgNhZW0CMTEAAaacKyOvWarc9Am6GkXmIbpS0XpnFx3jUBLuWeEmpNxaFpSAsJcnYEKYQ-U_aem_9A4LpWUEpgExHQi54HPZRg\">Enlace a la Noticia<\/a><\/div>\n<\/div>\n<\/div><\/div>\n\n\n\n<hr class=\"wp-block-separator has-alpha-channel-opacity\">\n\n\n\n<div class=\"wp-block-media-text alignwide is-stacked-on-mobile\"><figure class=\"wp-block-media-text__media\"><img loading=\"lazy\" decoding=\"async\" width=\"1024\" height=\"496\" src=\"https:\/\/mapadecastells.cat\/wp-content\/uploads\/2024\/11\/Captura-1024x496.png\" alt=\"\" class=\"wp-image-77 size-full\" srcset=\"https:\/\/mapadecastells.cat\/wp-content\/uploads\/2024\/11\/Captura-1024x496.png 1024w, https:\/\/mapadecastells.cat\/wp-content\/uploads\/2024\/11\/Captura-300x145.png 300w, https:\/\/mapadecastells.cat\/wp-content\/uploads\/2024\/11\/Captura-768x372.png 768w, https:\/\/mapadecastells.cat\/wp-content\/uploads\/2024\/11\/Captura.png 1503w\" sizes=\"auto, (max-width: 1024px) 100vw, 1024px\" \/><\/figure><div class=\"wp-block-media-text__content\">\n<p>La p\u00e1gina web <em>Castells catalans<\/em> comparti\u00f3 el mapa.<\/p>\n\n\n\n<div class=\"wp-block-buttons is-layout-flex wp-block-buttons-is-layout-flex\">\n<div class=\"wp-block-button\"><a class=\"wp-block-button__link wp-element-button\" href=\"https:\/\/castellscatalans.cat\/\">Enlace<\/a><\/div>\n<\/div>\n<\/div><\/div>\n\n\n\n<hr class=\"wp-block-separator has-alpha-channel-opacity\">\n\n\n\n<div class=\"wp-block-media-text alignwide is-stacked-on-mobile\"><figure class=\"wp-block-media-text__media\"><img loading=\"lazy\" decoding=\"async\" width=\"753\" height=\"949\" src=\"https:\/\/mapadecastells.cat\/wp-content\/uploads\/2024\/11\/penedesencs-1.png\" alt=\"\" class=\"wp-image-74 size-full\" srcset=\"https:\/\/mapadecastells.cat\/wp-content\/uploads\/2024\/11\/penedesencs-1.png 753w, https:\/\/mapadecastells.cat\/wp-content\/uploads\/2024\/11\/penedesencs-1-238x300.png 238w\" sizes=\"auto, (max-width: 753px) 100vw, 753px\" \/><\/figure><div class=\"wp-block-media-text__content\">\n<p>El pasado 21 de octubre de 2024, el Instituto de Estudios Penedesenses comparti\u00f3 el mapa en su web y en sus redes sociales.<\/p>\n\n\n\n<div class=\"wp-block-buttons is-layout-flex wp-block-buttons-is-layout-flex\">\n<div class=\"wp-block-button\"><a class=\"wp-block-button__link wp-element-button\" href=\"https:\/\/www.iepenedesencs.org\/2018\/noticia.php?id=414\">Enlace<\/a><\/div>\n<\/div>\n<\/div><\/div>\n","protected":false},"excerpt":{"rendered":"<p>El 21\/07\/25 El proyecto del mapa aparece en el diario Aragon\u00e9s el Peri\u00f3dico de Arag\u00f3n despu\u00e9s de una entrevista telef\u00f3nica con el periodista Jorge Andreu El 24\/01\/25 el diario Vilafranqu\u00ed el \u00ab3 de Vuit\u00bb publica la entrevista que me hizo la periodista Cristina Paris. El 13\/01\/2025 el mapa de castells aparece en una entrevista del [&hellip;]<\/p>\n","protected":false},"author":1,"featured_media":0,"parent":0,"menu_order":0,"comment_status":"closed","ping_status":"closed","template":"","meta":{"om_disable_all_campaigns":false,"footnotes":""},"class_list":["post-360","page","type-page","status-publish","hentry"],"yoast_head":"<!-- This site is optimized with the Yoast SEO Premium plugin v23.9 (Yoast SEO v27.2) - https:\/\/yoast.com\/product\/yoast-seo-premium-wordpress\/ -->\n<title>Noticias - Mapa de castells<\/title>\n<meta name=\"robots\" content=\"index, follow, max-snippet:-1, max-image-preview:large, max-video-preview:-1\" \/>\n<link rel=\"canonical\" href=\"https:\/\/mapadecastells.cat\/es\/noticias\/\" \/>\n<meta property=\"og:locale\" content=\"es_ES\" \/>\n<meta property=\"og:type\" content=\"article\" \/>\n<meta property=\"og:title\" content=\"Noticias\" \/>\n<meta property=\"og:description\" content=\"El 21\/07\/25 El proyecto del mapa aparece en el diario Aragon\u00e9s el Peri\u00f3dico de Arag\u00f3n despu\u00e9s de una entrevista telef\u00f3nica con el periodista Jorge Andreu El 24\/01\/25 el diario Vilafranqu\u00ed el \u00ab3 de Vuit\u00bb publica la entrevista que me hizo la periodista Cristina Paris. El 13\/01\/2025 el mapa de castells aparece en una entrevista del [&hellip;]\" \/>\n<meta property=\"og:url\" content=\"https:\/\/mapadecastells.cat\/es\/noticias\/\" \/>\n<meta property=\"og:site_name\" content=\"Mapa de castells\" \/>\n<meta property=\"article:publisher\" content=\"https:\/\/www.facebook.com\/people\/Mapa-de-castells\/61568273141565\/\" \/>\n<meta property=\"article:modified_time\" content=\"2025-07-28T15:38:46+00:00\" \/>\n<meta property=\"og:image\" content=\"https:\/\/mapadecastells.cat\/wp-content\/uploads\/2025\/07\/aragon-digital.png\" \/>\n\t<meta property=\"og:image:width\" content=\"941\" \/>\n\t<meta property=\"og:image:height\" content=\"865\" \/>\n\t<meta property=\"og:image:type\" content=\"image\/png\" \/>\n<meta name=\"twitter:card\" content=\"summary_large_image\" \/>\n<meta name=\"twitter:label1\" content=\"Tiempo de lectura\" \/>\n\t<meta name=\"twitter:data1\" content=\"3 minutos\" \/>\n<script type=\"application\/ld+json\" class=\"yoast-schema-graph\">{\"@context\":\"https:\/\/schema.org\",\"@graph\":[{\"@type\":\"WebPage\",\"@id\":\"https:\/\/mapadecastells.cat\/es\/noticias\/\",\"url\":\"https:\/\/mapadecastells.cat\/es\/noticias\/\",\"name\":\"Noticias - Mapa de castells\",\"isPartOf\":{\"@id\":\"https:\/\/mapadecastells.cat\/#website\"},\"primaryImageOfPage\":{\"@id\":\"https:\/\/mapadecastells.cat\/es\/noticias\/#primaryimage\"},\"image\":{\"@id\":\"https:\/\/mapadecastells.cat\/es\/noticias\/#primaryimage\"},\"thumbnailUrl\":\"https:\/\/mapadecastells.cat\/wp-content\/uploads\/2025\/07\/aragon-digital.png\",\"datePublished\":\"2024-11-12T13:59:30+00:00\",\"dateModified\":\"2025-07-28T15:38:46+00:00\",\"breadcrumb\":{\"@id\":\"https:\/\/mapadecastells.cat\/es\/noticias\/#breadcrumb\"},\"inLanguage\":\"es\",\"potentialAction\":[{\"@type\":\"ReadAction\",\"target\":[\"https:\/\/mapadecastells.cat\/es\/noticias\/\"]}]},{\"@type\":\"ImageObject\",\"inLanguage\":\"es\",\"@id\":\"https:\/\/mapadecastells.cat\/es\/noticias\/#primaryimage\",\"url\":\"https:\/\/mapadecastells.cat\/wp-content\/uploads\/2025\/07\/aragon-digital.png\",\"contentUrl\":\"https:\/\/mapadecastells.cat\/wp-content\/uploads\/2025\/07\/aragon-digital.png\"},{\"@type\":\"BreadcrumbList\",\"@id\":\"https:\/\/mapadecastells.cat\/es\/noticias\/#breadcrumb\",\"itemListElement\":[{\"@type\":\"ListItem\",\"position\":1,\"name\":\"Home\",\"item\":\"https:\/\/mapadecastells.cat\/\"},{\"@type\":\"ListItem\",\"position\":2,\"name\":\"Noticias\"}]},{\"@type\":\"WebSite\",\"@id\":\"https:\/\/mapadecastells.cat\/#website\",\"url\":\"https:\/\/mapadecastells.cat\/\",\"name\":\"Mapa de castells\",\"description\":\"El mapa de la Corona d&#039;Arag\u00f3\",\"publisher\":{\"@id\":\"https:\/\/mapadecastells.cat\/#organization\"},\"potentialAction\":[{\"@type\":\"SearchAction\",\"target\":{\"@type\":\"EntryPoint\",\"urlTemplate\":\"https:\/\/mapadecastells.cat\/?s={search_term_string}\"},\"query-input\":{\"@type\":\"PropertyValueSpecification\",\"valueRequired\":true,\"valueName\":\"search_term_string\"}}],\"inLanguage\":\"es\"},{\"@type\":\"Organization\",\"@id\":\"https:\/\/mapadecastells.cat\/#organization\",\"name\":\"Mapa de castells\",\"url\":\"https:\/\/mapadecastells.cat\/\",\"logo\":{\"@type\":\"ImageObject\",\"inLanguage\":\"es\",\"@id\":\"https:\/\/mapadecastells.cat\/#\/schema\/logo\/image\/\",\"url\":\"https:\/\/mapadecastells.cat\/wp-content\/uploads\/2024\/11\/logo-castell-super-millorat.png\",\"contentUrl\":\"https:\/\/mapadecastells.cat\/wp-content\/uploads\/2024\/11\/logo-castell-super-millorat.png\",\"width\":1222,\"height\":1222,\"caption\":\"Mapa de castells\"},\"image\":{\"@id\":\"https:\/\/mapadecastells.cat\/#\/schema\/logo\/image\/\"},\"sameAs\":[\"https:\/\/www.facebook.com\/people\/Mapa-de-castells\/61568273141565\/\",\"https:\/\/www.instagram.com\/mapadecastells\/\"],\"numberOfEmployees\":{\"@type\":\"QuantitativeValue\",\"minValue\":\"1\",\"maxValue\":\"10\"},\"ownershipFundingInfo\":\"https:\/\/mapadecastells.cat\/sobre-mi\/\"}]}<\/script>\n<!-- \/ Yoast SEO Premium plugin. -->","yoast_head_json":{"title":"Noticias - Mapa de castells","robots":{"index":"index","follow":"follow","max-snippet":"max-snippet:-1","max-image-preview":"max-image-preview:large","max-video-preview":"max-video-preview:-1"},"canonical":"https:\/\/mapadecastells.cat\/es\/noticias\/","og_locale":"es_ES","og_type":"article","og_title":"Noticias","og_description":"El 21\/07\/25 El proyecto del mapa aparece en el diario Aragon\u00e9s el Peri\u00f3dico de Arag\u00f3n despu\u00e9s de una entrevista telef\u00f3nica con el periodista Jorge Andreu El 24\/01\/25 el diario Vilafranqu\u00ed el \u00ab3 de Vuit\u00bb publica la entrevista que me hizo la periodista Cristina Paris. El 13\/01\/2025 el mapa de castells aparece en una entrevista del [&hellip;]","og_url":"https:\/\/mapadecastells.cat\/es\/noticias\/","og_site_name":"Mapa de castells","article_publisher":"https:\/\/www.facebook.com\/people\/Mapa-de-castells\/61568273141565\/","article_modified_time":"2025-07-28T15:38:46+00:00","og_image":[{"width":941,"height":865,"url":"https:\/\/mapadecastells.cat\/wp-content\/uploads\/2025\/07\/aragon-digital.png","type":"image\/png"}],"twitter_card":"summary_large_image","twitter_misc":{"Tiempo de lectura":"3 minutos"},"schema":{"@context":"https:\/\/schema.org","@graph":[{"@type":"WebPage","@id":"https:\/\/mapadecastells.cat\/es\/noticias\/","url":"https:\/\/mapadecastells.cat\/es\/noticias\/","name":"Noticias - Mapa de castells","isPartOf":{"@id":"https:\/\/mapadecastells.cat\/#website"},"primaryImageOfPage":{"@id":"https:\/\/mapadecastells.cat\/es\/noticias\/#primaryimage"},"image":{"@id":"https:\/\/mapadecastells.cat\/es\/noticias\/#primaryimage"},"thumbnailUrl":"https:\/\/mapadecastells.cat\/wp-content\/uploads\/2025\/07\/aragon-digital.png","datePublished":"2024-11-12T13:59:30+00:00","dateModified":"2025-07-28T15:38:46+00:00","breadcrumb":{"@id":"https:\/\/mapadecastells.cat\/es\/noticias\/#breadcrumb"},"inLanguage":"es","potentialAction":[{"@type":"ReadAction","target":["https:\/\/mapadecastells.cat\/es\/noticias\/"]}]},{"@type":"ImageObject","inLanguage":"es","@id":"https:\/\/mapadecastells.cat\/es\/noticias\/#primaryimage","url":"https:\/\/mapadecastells.cat\/wp-content\/uploads\/2025\/07\/aragon-digital.png","contentUrl":"https:\/\/mapadecastells.cat\/wp-content\/uploads\/2025\/07\/aragon-digital.png"},{"@type":"BreadcrumbList","@id":"https:\/\/mapadecastells.cat\/es\/noticias\/#breadcrumb","itemListElement":[{"@type":"ListItem","position":1,"name":"Home","item":"https:\/\/mapadecastells.cat\/"},{"@type":"ListItem","position":2,"name":"Noticias"}]},{"@type":"WebSite","@id":"https:\/\/mapadecastells.cat\/#website","url":"https:\/\/mapadecastells.cat\/","name":"Mapa de castells","description":"El mapa de la Corona d&#039;Arag\u00f3","publisher":{"@id":"https:\/\/mapadecastells.cat\/#organization"},"potentialAction":[{"@type":"SearchAction","target":{"@type":"EntryPoint","urlTemplate":"https:\/\/mapadecastells.cat\/?s={search_term_string}"},"query-input":{"@type":"PropertyValueSpecification","valueRequired":true,"valueName":"search_term_string"}}],"inLanguage":"es"},{"@type":"Organization","@id":"https:\/\/mapadecastells.cat\/#organization","name":"Mapa de castells","url":"https:\/\/mapadecastells.cat\/","logo":{"@type":"ImageObject","inLanguage":"es","@id":"https:\/\/mapadecastells.cat\/#\/schema\/logo\/image\/","url":"https:\/\/mapadecastells.cat\/wp-content\/uploads\/2024\/11\/logo-castell-super-millorat.png","contentUrl":"https:\/\/mapadecastells.cat\/wp-content\/uploads\/2024\/11\/logo-castell-super-millorat.png","width":1222,"height":1222,"caption":"Mapa de castells"},"image":{"@id":"https:\/\/mapadecastells.cat\/#\/schema\/logo\/image\/"},"sameAs":["https:\/\/www.facebook.com\/people\/Mapa-de-castells\/61568273141565\/","https:\/\/www.instagram.com\/mapadecastells\/"],"numberOfEmployees":{"@type":"QuantitativeValue","minValue":"1","maxValue":"10"},"ownershipFundingInfo":"https:\/\/mapadecastells.cat\/sobre-mi\/"}]}},"jetpack_sharing_enabled":true,"_links":{"self":[{"href":"https:\/\/mapadecastells.cat\/es\/wp-json\/wp\/v2\/pages\/360","targetHints":{"allow":["GET"]}}],"collection":[{"href":"https:\/\/mapadecastells.cat\/es\/wp-json\/wp\/v2\/pages"}],"about":[{"href":"https:\/\/mapadecastells.cat\/es\/wp-json\/wp\/v2\/types\/page"}],"author":[{"embeddable":true,"href":"https:\/\/mapadecastells.cat\/es\/wp-json\/wp\/v2\/users\/1"}],"replies":[{"embeddable":true,"href":"https:\/\/mapadecastells.cat\/es\/wp-json\/wp\/v2\/comments?post=360"}],"version-history":[{"count":1,"href":"https:\/\/mapadecastells.cat\/es\/wp-json\/wp\/v2\/pages\/360\/revisions"}],"predecessor-version":[{"id":455,"href":"https:\/\/mapadecastells.cat\/es\/wp-json\/wp\/v2\/pages\/360\/revisions\/455"}],"wp:attachment":[{"href":"https:\/\/mapadecastells.cat\/es\/wp-json\/wp\/v2\/media?parent=360"}],"curies":[{"name":"wp","href":"https:\/\/api.w.org\/{rel}","templated":true}]}}